{"id":1685,"date":"2024-08-01T09:19:28","date_gmt":"2024-08-01T09:19:28","guid":{"rendered":"https:\/\/misade12cordoba.es\/?page_id=1685"},"modified":"2024-08-01T09:37:10","modified_gmt":"2024-08-01T09:37:10","slug":"politica-de-proteccion-de-datos","status":"publish","type":"page","link":"https:\/\/misade12cordoba.es\/fr\/politica-de-proteccion-de-datos\/","title":{"rendered":"Pol\u00edtica de protecci\u00f3n de datos"},"content":{"rendered":"<div data-elementor-type=\"wp-page\" data-elementor-id=\"1685\" class=\"elementor elementor-1685\" data-elementor-post-type=\"page\">\n\t\t\t\t<div class=\"elementor-element elementor-element-edc9860 e-flex e-con-boxed e-con e-parent\" data-id=\"edc9860\" data-element_type=\"container\" data-e-type=\"container\">\n\t\t\t\t\t<div class=\"e-con-inner\">\n\t\t\t\t<div class=\"elementor-element elementor-element-999ccc4 elementor-widget elementor-widget-heading\" data-id=\"999ccc4\" data-element_type=\"widget\" data-e-type=\"widget\" data-widget_type=\"heading.default\">\n\t\t\t\t<div class=\"elementor-widget-container\">\n\t\t\t\t\t<h2 class=\"elementor-heading-title elementor-size-default\">Pol\u00edtica de protecci\u00f3n de datos<\/h2>\t\t\t\t<\/div>\n\t\t\t\t<\/div>\n\t\t\t\t<div class=\"elementor-element elementor-element-6263a37 elementor-widget elementor-widget-text-editor\" data-id=\"6263a37\" data-element_type=\"widget\" data-e-type=\"widget\" data-widget_type=\"text-editor.default\">\n\t\t\t\t<div class=\"elementor-widget-container\">\n\t\t\t\t\t\t\t\t\t<p><strong>1. RESPONSABLE<br \/><\/strong><\/p><div><b>\u00a0<\/b><strong>A. Datos de contacto del Responsable.<\/strong><br \/><span style=\"color: var( --e-global-color-text ); font-family: var( --e-global-typography-text-font-family ), Sans-serif; font-weight: var( --e-global-typography-text-font-weight ); text-align: var(--text-align); font-size: 1rem;\">El responsable de los datos recabados mediante esta web es MISA DE 12 CORDOBA, S.L. con direcci\u00f3n AV. AL NASIR, 23, 14006, C\u00d3RDOBA (C\u00d3RDOBA) Y CIF B42935627. Usted podr\u00e1 contactar con el responsable mediante el siguiente Email misade12cordoba@gmail.com o en el tel\u00e9fono 609578427<\/span><br \/><span style=\"color: var( --e-global-color-text ); font-family: var( --e-global-typography-text-font-family ), Sans-serif; font-weight: var( --e-global-typography-text-font-weight ); text-align: var(--text-align); font-size: 1rem;\"><br \/><\/span><\/div><p><strong><span style=\"background-color: transparent; color: var( --e-global-color-text ); font-family: var( --e-global-typography-text-font-family ), Sans-serif; text-align: var(--text-align);\">B. <\/span><\/strong><strong style=\"background-color: transparent; color: var( --e-global-color-text ); font-family: var( --e-global-typography-text-font-family ), Sans-serif; text-align: var(--text-align);\">Identidad y datos de contacto del representante.\u00a0<\/strong><span style=\"background-color: transparent; color: var( --e-global-color-text ); font-family: var( --e-global-typography-text-font-family ), Sans-serif; font-weight: var( --e-global-typography-text-font-weight ); text-align: var(--text-align);\">RAFAEL FUILLERAT SALIDO<\/span><\/p><p><strong>C. Datos de contacto del Delegado de Protecci\u00f3n de Datos. <\/strong>La empresa no cuenta con un delegado de protecci\u00f3n de datos<\/p><div>\u00a0<\/div><p><strong>2. FINALIDAD<\/strong><\/p><p><strong style=\"color: var( --e-global-color-text ); font-family: var( --e-global-typography-text-font-family ), Sans-serif; text-align: var(--text-align); font-size: 1rem;\">A. Descripci\u00f3n ampliada de los fines del tratamiento. <\/strong>Publicidad y prospecci\u00f3n comercial Gesti\u00f3n de solicitudes<\/p><p><strong>B. Plazos o criterios de conservaci\u00f3n de los datos. <\/strong>Conservaremos los datos durante el tiempo que sea necesario para atender la solicitud y cumplir con las obligaciones legales exigidas.<\/p><p>Los datos que usted nos ha facilitado ser\u00e1n conservados mientras sean necesarios para las finalidades indicadas en el punto 2.A., o tambi\u00e9n ser\u00e1n almacenadas por el tiempo exigido por distintas legislaciones aplicables.<\/p><p><strong>C. Decisiones automatizadas, perfiles y l\u00f3gica aplicada. <\/strong>Los datos recogidos mediante la p\u00e1gina web no ser\u00e1n utilizados para tomar decisiones automatizadas.<\/p><p>\u00a0<\/p><p>\u00a0<\/p><p><strong>3. LEGITIMACI\u00d3N<\/strong><\/p><p><strong>A. Legislaci\u00f3n aplicable<\/strong><\/p><p>La legislaci\u00f3n aplicada es el Reglamento General de Protecci\u00f3n de Datos 2016\/679 de 27 de abril de 2016 as\u00ed como la Ley Org\u00e1nica 3\/2018, de 5 de diciembre, de Protecci\u00f3n de Datos Personales y garant\u00eda de los derechos digitales.<\/p><p><span style=\"background-color: transparent; color: var( --e-global-color-text ); font-family: var( --e-global-typography-text-font-family ), Sans-serif; text-align: var(--text-align);\"><strong>B.<\/strong> <\/span><strong style=\"background-color: transparent; color: var( --e-global-color-text ); font-family: var( --e-global-typography-text-font-family ), Sans-serif; text-align: var(--text-align);\">Detalles de la base jur\u00eddica del tratamiento, en los casos de obligaci\u00f3n legal, inter\u00e9s p\u00fablico o inter\u00e9s p\u00fablico o inter\u00e9s leg\u00edtimo<\/strong><\/p><p>Art. 6, apartado 1 letra a. Que considera el consentimiento del interesado como una base leg\u00edtima para el tratamiento de datos personales contenidos en este fichero.<\/p><p><strong>C. Obligaci\u00f3n o no de facilitar datos y consecuencias de no hacerlo<\/strong><\/p><p>No est\u00e1 obligado a facilitarnos los datos, sin embargo, ser\u00e1 necesario para poder gestionar las sugerencias o peticiones que necesite hacernos mediante la p\u00e1gina web.<\/p><p>\u00a0<\/p><p><strong>4. DESTINATARIOS<\/strong><\/p><p><strong>A. Destinatarios<\/strong><\/p><p>Organizaciones o personas directamente relacionadas con la empresa, Administraci\u00f3n p\u00fablica con competencia en la materia<\/p><p><strong>B. Destinatarios espec\u00edficos<\/strong><\/p><p>Es posible que encargados de tratamiento puedan acceder a los datos facilitados mediante esta p\u00e1gina web por el ejercicio de sus funciones de mantenimiento.<\/p><p><strong>C. Decisiones de adecuaci\u00f3n, garant\u00edas, normas corporativas vinculantes o situaciones espec\u00edficas aplicables<\/strong><\/p><p>No existen.<\/p><p><strong>D. Transferencias internacionales <\/strong>No existen<\/p><p>\u00a0<\/p><p><strong>5. DERECHOS<\/strong>\u00a0<\/p><p><strong>A<\/strong><strong>. C\u00f3mo ejercer los derechos de acceso, rectificaci\u00f3n, supresi\u00f3n y portabilidad de sus datos, y la limitaci\u00f3n u oposici\u00f3n a su tratamiento<\/strong><\/p><p>El interesado podr\u00e1 conocer, modificar, o eliminar los datos que la empresa posea acerca de su persona mediante correo electr\u00f3nico facilitando su DNI o bien por correo postal a AV. AL NASIR, 23, 14006, C\u00d3RDOBA (C\u00d3RDOBA). El interesado podr\u00e1 transferir sus datos a otra entidad o bien limitar los ya existentes que la empresa posea acerca de su persona mediante correo electr\u00f3nico facilitando su DNI o bien por correo postal a AV. AL NASIR, 23, 14006, C\u00d3RDOBA (C\u00d3RDOBA).<\/p><p><strong>B. Derecho a retirar el Consentimiento prestado<\/strong><\/p><p>El interesado podr\u00e1 retirar los datos que la empresa posee acerca de su persona mediante correo electr\u00f3nico facilitando su DNI o bien por correo postal a AV. AL NASIR, 23, 14006, C\u00d3RDOBA (C\u00d3RDOBA).<\/p><p><strong>C. Derecho a reclamar ante la Autoridad de Control<\/strong><\/p><p>El interesado podr\u00e1 reclamar ante la Agencia Espa\u00f1ola de Protecci\u00f3n de Datos acerca de toda incidencia que pueda surgirle.<\/p><p>\u00a0<\/p><p><strong>6. PROCEDENCIA<\/strong><\/p><p><strong>A. Informaci\u00f3n detallada del origen de los datos<\/strong><\/p><p>Facilitados por el propio interesado<\/p><p><strong>B. Categor\u00edas de datos que se tratan<\/strong><\/p><p>Nombre y Apellidos<\/p><p>Email<\/p>\t\t\t\t\t\t\t\t<\/div>\n\t\t\t\t<\/div>\n\t\t\t\t\t<\/div>\n\t\t\t\t<\/div>\n\t\t\t\t<\/div>","protected":false},"excerpt":{"rendered":"<p>Pol\u00edtica de protecci\u00f3n de datos 1. RESPONSABLE \u00a0A. Datos de contacto del Responsable.El responsable de los datos recabados mediante esta web es MISA DE 12 CORDOBA, S.L. con direcci\u00f3n AV. AL NASIR, 23, 14006, C\u00d3RDOBA (C\u00d3RDOBA) Y CIF B42935627. Usted podr\u00e1 contactar con el responsable mediante el siguiente Email misade12cordoba@gmail.com o en el tel\u00e9fono 609578427 [&hellip;]<\/p>\n","protected":false},"author":11,"featured_media":0,"parent":0,"menu_order":0,"comment_status":"closed","ping_status":"closed","template":"","meta":{"footnotes":""},"class_list":["post-1685","page","type-page","status-publish","hentry"],"_links":{"self":[{"href":"https:\/\/misade12cordoba.es\/fr\/wp-json\/wp\/v2\/pages\/1685","targetHints":{"allow":["GET"]}}],"collection":[{"href":"https:\/\/misade12cordoba.es\/fr\/wp-json\/wp\/v2\/pages"}],"about":[{"href":"https:\/\/misade12cordoba.es\/fr\/wp-json\/wp\/v2\/types\/page"}],"author":[{"embeddable":true,"href":"https:\/\/misade12cordoba.es\/fr\/wp-json\/wp\/v2\/users\/11"}],"replies":[{"embeddable":true,"href":"https:\/\/misade12cordoba.es\/fr\/wp-json\/wp\/v2\/comments?post=1685"}],"version-history":[{"count":4,"href":"https:\/\/misade12cordoba.es\/fr\/wp-json\/wp\/v2\/pages\/1685\/revisions"}],"predecessor-version":[{"id":1690,"href":"https:\/\/misade12cordoba.es\/fr\/wp-json\/wp\/v2\/pages\/1685\/revisions\/1690"}],"wp:attachment":[{"href":"https:\/\/misade12cordoba.es\/fr\/wp-json\/wp\/v2\/media?parent=1685"}],"curies":[{"name":"wp","href":"https:\/\/api.w.org\/{rel}","templated":true}]}}